{"id":184,"date":"2020-02-26T13:45:33","date_gmt":"2020-02-26T12:45:33","guid":{"rendered":"https:\/\/www.jennysphotographies.com\/?page_id=184"},"modified":"2023-05-29T08:32:49","modified_gmt":"2023-05-29T06:32:49","slug":"photographe-nouveau-ne-nice-cannes-i-jennys-photographies","status":"publish","type":"page","link":"https:\/\/www.jennysphotographies.com\/photographe-nouveau-ne-nice-cannes-i-jennys-photographies\/","title":{"rendered":"Photographe nouveau n\u00e9 Nice Cannes"},"content":{"rendered":"\t\t<div data-elementor-type=\"wp-page\" data-elementor-id=\"184\" class=\"elementor elementor-184\" data-elementor-post-type=\"page\">\n\t\t\t\t\t\t<section class=\"elementor-section elementor-top-section elementor-element elementor-element-4951b61f elementor-section-boxed elementor-section-height-default elementor-section-height-default\" data-id=\"4951b61f\" data-element_type=\"section\">\n\t\t\t\t\t\t<div class=\"elementor-container elementor-column-gap-default\">\n\t\t\t\t\t<div class=\"elementor-column elementor-col-100 elementor-top-column elementor-element elementor-element-7d8aca92\" data-id=\"7d8aca92\" data-element_type=\"column\">\n\t\t\t<div class=\"elementor-widget-wrap elementor-element-populated\">\n\t\t\t\t\t\t<div class=\"elementor-element elementor-element-662b4dc0 elementor-widget elementor-widget-gallery\" data-id=\"662b4dc0\" data-element_type=\"widget\" data-settings=\"{&quot;gallery_layout&quot;:&quot;masonry&quot;,&quot;columns&quot;:3,&quot;lazyload&quot;:&quot;yes&quot;,&quot;columns_tablet&quot;:2,&quot;columns_mobile&quot;:1,&quot;gap&quot;:{&quot;unit&quot;:&quot;px&quot;,&quot;size&quot;:10,&quot;sizes&quot;:[]},&quot;gap_tablet&quot;:{&quot;unit&quot;:&quot;px&quot;,&quot;size&quot;:10,&quot;sizes&quot;:[]},&quot;gap_mobile&quot;:{&quot;unit&quot;:&quot;px&quot;,&quot;size&quot;:10,&quot;sizes&quot;:[]},&quot;link_to&quot;:&quot;file&quot;,&quot;overlay_background&quot;:&quot;yes&quot;,&quot;content_hover_animation&quot;:&quot;fade-in&quot;}\" data-widget_type=\"gallery.default\">\n\t\t\t\t<div class=\"elementor-widget-container\">\n\t\t\t\t\t<div class=\"elementor-gallery__container\">\n\t\t\t\t\t\t\t<a class=\"e-gallery-item elementor-gallery-item elementor-animated-content\" href=\"https:\/\/www.jennysphotographies.com\/file\/2023\/05\/Photographe-de-bebe-a-Theoule.jpg\" data-elementor-open-lightbox=\"yes\" data-elementor-lightbox-slideshow=\"662b4dc0\" data-elementor-lightbox-title=\"Photographe de be\u0301be\u0301 a\u0300 The\u0301oule\" data-e-action-hash=\"#elementor-action%3Aaction%3Dlightbox%26settings%3DeyJpZCI6NjMyLCJ1cmwiOiJodHRwczpcL1wvd3d3Lmplbm55c3Bob3RvZ3JhcGhpZXMuY29tXC93cC1jb250ZW50XC91cGxvYWRzXC8yMDIzXC8wNVwvUGhvdG9ncmFwaGUtZGUtYmViZS1hLVRoZW91bGUuanBnIiwic2xpZGVzaG93IjoiNjYyYjRkYzAifQ%3D%3D\">\n\t\t\t\t\t<div class=\"e-gallery-image elementor-gallery-item__image\" data-thumbnail=\"https:\/\/www.jennysphotographies.com\/file\/2023\/05\/Photographe-de-bebe-a-Theoule.jpg\" data-width=\"1500\" data-height=\"1000\" aria-label=\"Photographe de be\u0301be\u0301 a\u0300 The\u0301oule\" role=\"img\" ><\/div>\n\t\t\t\t\t\t\t\t\t\t\t<div class=\"elementor-gallery-item__overlay\"><\/div>\n\t\t\t\t\t\t\t\t\t\t\t\t\t\t<\/a>\n\t\t\t\t\t\t\t<a class=\"e-gallery-item elementor-gallery-item elementor-animated-content\" href=\"https:\/\/www.jennysphotographies.com\/file\/2023\/05\/Photographe-grossesse-a-Theoule-pres-de-Nice.jpg\" data-elementor-open-lightbox=\"yes\" data-elementor-lightbox-slideshow=\"662b4dc0\" data-elementor-lightbox-title=\"Photographe grossesse a\u0300 The\u0301oule pre\u0300s de Nice\" data-e-action-hash=\"#elementor-action%3Aaction%3Dlightbox%26settings%3DeyJpZCI6NjM5LCJ1cmwiOiJodHRwczpcL1wvd3d3Lmplbm55c3Bob3RvZ3JhcGhpZXMuY29tXC93cC1jb250ZW50XC91cGxvYWRzXC8yMDIzXC8wNVwvUGhvdG9ncmFwaGUtZ3Jvc3Nlc3NlLWEtVGhlb3VsZS1wcmVzLWRlLU5pY2UuanBnIiwic2xpZGVzaG93IjoiNjYyYjRkYzAifQ%3D%3D\">\n\t\t\t\t\t<div class=\"e-gallery-image elementor-gallery-item__image\" data-thumbnail=\"https:\/\/www.jennysphotographies.com\/file\/2023\/05\/Photographe-grossesse-a-Theoule-pres-de-Nice.jpg\" data-width=\"1500\" data-height=\"1000\" aria-label=\"Photographe grossesse a\u0300 The\u0301oule pre\u0300s de Nice\" role=\"img\" ><\/div>\n\t\t\t\t\t\t\t\t\t\t\t<div class=\"elementor-gallery-item__overlay\"><\/div>\n\t\t\t\t\t\t\t\t\t\t\t\t\t\t<\/a>\n\t\t\t\t\t\t\t<a class=\"e-gallery-item elementor-gallery-item elementor-animated-content\" href=\"https:\/\/www.jennysphotographies.com\/file\/2023\/05\/Photographe-de-bebe-a-Theoule-pres-de-Nice.png\" data-elementor-open-lightbox=\"yes\" data-elementor-lightbox-slideshow=\"662b4dc0\" data-elementor-lightbox-title=\"Photographe de be\u0301be\u0301 a\u0300 The\u0301oule pre\u0300s de Nice\" data-e-action-hash=\"#elementor-action%3Aaction%3Dlightbox%26settings%3DeyJpZCI6NjMxLCJ1cmwiOiJodHRwczpcL1wvd3d3Lmplbm55c3Bob3RvZ3JhcGhpZXMuY29tXC93cC1jb250ZW50XC91cGxvYWRzXC8yMDIzXC8wNVwvUGhvdG9ncmFwaGUtZGUtYmViZS1hLVRoZW91bGUtcHJlcy1kZS1OaWNlLnBuZyIsInNsaWRlc2hvdyI6IjY2MmI0ZGMwIn0%3D\">\n\t\t\t\t\t<div class=\"e-gallery-image elementor-gallery-item__image\" data-thumbnail=\"https:\/\/www.jennysphotographies.com\/file\/2023\/05\/Photographe-de-bebe-a-Theoule-pres-de-Nice.png\" data-width=\"1500\" data-height=\"1000\" aria-label=\"Photographe de be\u0301be\u0301 a\u0300 The\u0301oule pre\u0300s de Nice\" role=\"img\" ><\/div>\n\t\t\t\t\t\t\t\t\t\t\t<div class=\"elementor-gallery-item__overlay\"><\/div>\n\t\t\t\t\t\t\t\t\t\t\t\t\t\t<\/a>\n\t\t\t\t\t\t\t<a class=\"e-gallery-item elementor-gallery-item elementor-animated-content\" href=\"https:\/\/www.jennysphotographies.com\/file\/2023\/05\/Photographe-de-bebe-a-Theoule-06.jpg\" data-elementor-open-lightbox=\"yes\" data-elementor-lightbox-slideshow=\"662b4dc0\" data-elementor-lightbox-title=\"Photographe de be\u0301be\u0301 a\u0300 The\u0301oule 06\" data-e-action-hash=\"#elementor-action%3Aaction%3Dlightbox%26settings%3DeyJpZCI6NjMwLCJ1cmwiOiJodHRwczpcL1wvd3d3Lmplbm55c3Bob3RvZ3JhcGhpZXMuY29tXC93cC1jb250ZW50XC91cGxvYWRzXC8yMDIzXC8wNVwvUGhvdG9ncmFwaGUtZGUtYmViZS1hLVRoZW91bGUtMDYuanBnIiwic2xpZGVzaG93IjoiNjYyYjRkYzAifQ%3D%3D\">\n\t\t\t\t\t<div class=\"e-gallery-image elementor-gallery-item__image\" data-thumbnail=\"https:\/\/www.jennysphotographies.com\/file\/2023\/05\/Photographe-de-bebe-a-Theoule-06.jpg\" data-width=\"1000\" data-height=\"1500\" aria-label=\"Photographe de be\u0301be\u0301 a\u0300 The\u0301oule 06\" role=\"img\" ><\/div>\n\t\t\t\t\t\t\t\t\t\t\t<div class=\"elementor-gallery-item__overlay\"><\/div>\n\t\t\t\t\t\t\t\t\t\t\t\t\t\t<\/a>\n\t\t\t\t\t\t\t<a class=\"e-gallery-item elementor-gallery-item elementor-animated-content\" href=\"https:\/\/www.jennysphotographies.com\/file\/2023\/05\/Photographe-de-bebe-a-Nice.jpg\" data-elementor-open-lightbox=\"yes\" data-elementor-lightbox-slideshow=\"662b4dc0\" data-elementor-lightbox-title=\"Photographe de be\u0301be\u0301 a\u0300 Nice\" data-e-action-hash=\"#elementor-action%3Aaction%3Dlightbox%26settings%3DeyJpZCI6NjI5LCJ1cmwiOiJodHRwczpcL1wvd3d3Lmplbm55c3Bob3RvZ3JhcGhpZXMuY29tXC93cC1jb250ZW50XC91cGxvYWRzXC8yMDIzXC8wNVwvUGhvdG9ncmFwaGUtZGUtYmViZS1hLU5pY2UuanBnIiwic2xpZGVzaG93IjoiNjYyYjRkYzAifQ%3D%3D\">\n\t\t\t\t\t<div class=\"e-gallery-image elementor-gallery-item__image\" data-thumbnail=\"https:\/\/www.jennysphotographies.com\/file\/2023\/05\/Photographe-de-bebe-a-Nice.jpg\" data-width=\"1500\" data-height=\"1000\" aria-label=\"Photographe de be\u0301be\u0301 a\u0300 Nice\" role=\"img\" ><\/div>\n\t\t\t\t\t\t\t\t\t\t\t<div class=\"elementor-gallery-item__overlay\"><\/div>\n\t\t\t\t\t\t\t\t\t\t\t\t\t\t<\/a>\n\t\t\t\t\t\t\t<a class=\"e-gallery-item elementor-gallery-item elementor-animated-content\" href=\"https:\/\/www.jennysphotographies.com\/file\/2023\/05\/Photographe-dans-le-06.jpg\" data-elementor-open-lightbox=\"yes\" data-elementor-lightbox-slideshow=\"662b4dc0\" data-elementor-lightbox-title=\"Photographe dans le 06\" data-e-action-hash=\"#elementor-action%3Aaction%3Dlightbox%26settings%3DeyJpZCI6NjI4LCJ1cmwiOiJodHRwczpcL1wvd3d3Lmplbm55c3Bob3RvZ3JhcGhpZXMuY29tXC93cC1jb250ZW50XC91cGxvYWRzXC8yMDIzXC8wNVwvUGhvdG9ncmFwaGUtZGFucy1sZS0wNi5qcGciLCJzbGlkZXNob3ciOiI2NjJiNGRjMCJ9\">\n\t\t\t\t\t<div class=\"e-gallery-image elementor-gallery-item__image\" data-thumbnail=\"https:\/\/www.jennysphotographies.com\/file\/2023\/05\/Photographe-dans-le-06.jpg\" data-width=\"1500\" data-height=\"1000\" aria-label=\"Photographe dans le 06\" role=\"img\" ><\/div>\n\t\t\t\t\t\t\t\t\t\t\t<div class=\"elementor-gallery-item__overlay\"><\/div>\n\t\t\t\t\t\t\t\t\t\t\t\t\t\t<\/a>\n\t\t\t\t\t\t\t<a class=\"e-gallery-item elementor-gallery-item elementor-animated-content\" href=\"https:\/\/www.jennysphotographies.com\/file\/2023\/05\/Photographe-bebe-a-Theoule-06.jpg\" data-elementor-open-lightbox=\"yes\" data-elementor-lightbox-slideshow=\"662b4dc0\" data-elementor-lightbox-title=\"Photographe be\u0301be\u0301 a\u0300 The\u0301oule 06\" data-e-action-hash=\"#elementor-action%3Aaction%3Dlightbox%26settings%3DeyJpZCI6NjI3LCJ1cmwiOiJodHRwczpcL1wvd3d3Lmplbm55c3Bob3RvZ3JhcGhpZXMuY29tXC93cC1jb250ZW50XC91cGxvYWRzXC8yMDIzXC8wNVwvUGhvdG9ncmFwaGUtYmViZS1hLVRoZW91bGUtMDYuanBnIiwic2xpZGVzaG93IjoiNjYyYjRkYzAifQ%3D%3D\">\n\t\t\t\t\t<div class=\"e-gallery-image elementor-gallery-item__image\" data-thumbnail=\"https:\/\/www.jennysphotographies.com\/file\/2023\/05\/Photographe-bebe-a-Theoule-06.jpg\" data-width=\"1000\" data-height=\"1500\" aria-label=\"Photographe be\u0301be\u0301 a\u0300 The\u0301oule 06\" role=\"img\" ><\/div>\n\t\t\t\t\t\t\t\t\t\t\t<div class=\"elementor-gallery-item__overlay\"><\/div>\n\t\t\t\t\t\t\t\t\t\t\t\t\t\t<\/a>\n\t\t\t\t\t\t\t<a class=\"e-gallery-item elementor-gallery-item elementor-animated-content\" href=\"https:\/\/www.jennysphotographies.com\/file\/2020\/02\/Photographe-be\u0301be\u0301-a\u0300-Cannes-06.jpg\" data-elementor-open-lightbox=\"yes\" data-elementor-lightbox-slideshow=\"662b4dc0\" data-elementor-lightbox-title=\"Photographe be\u0301be\u0301 a\u0300 Cannes 06\" data-elementor-lightbox-description=\"Jennifer Serantoni photographe \u00e0 Nice, Antibes et Cannes. Entre Var, Alpes Maritimes et C\u00f4tes d&#039;Azur je vous accueille pour des s\u00e9ances photo en exterieur ou studio pour grossesse, b\u00e9b\u00e9 et nouveau n\u00e9, enfant, famille, couple...\" data-e-action-hash=\"#elementor-action%3Aaction%3Dlightbox%26settings%3DeyJpZCI6MTE4LCJ1cmwiOiJodHRwczpcL1wvd3d3Lmplbm55c3Bob3RvZ3JhcGhpZXMuY29tXC93cC1jb250ZW50XC91cGxvYWRzXC8yMDIwXC8wMlwvUGhvdG9ncmFwaGUtYmVcdTAzMDFiZVx1MDMwMS1hXHUwMzAwLUNhbm5lcy0wNi5qcGciLCJzbGlkZXNob3ciOiI2NjJiNGRjMCJ9\">\n\t\t\t\t\t<div class=\"e-gallery-image elementor-gallery-item__image\" data-thumbnail=\"https:\/\/www.jennysphotographies.com\/file\/2020\/02\/Photographe-be\u0301be\u0301-a\u0300-Cannes-06.jpg\" data-width=\"960\" data-height=\"640\" aria-label=\"Photographe be\u0301be\u0301 a\u0300 Cannes 06\" role=\"img\" ><\/div>\n\t\t\t\t\t\t\t\t\t\t\t<div class=\"elementor-gallery-item__overlay\"><\/div>\n\t\t\t\t\t\t\t\t\t\t\t\t\t\t<\/a>\n\t\t\t\t\t\t\t<a class=\"e-gallery-item elementor-gallery-item elementor-animated-content\" href=\"https:\/\/www.jennysphotographies.com\/file\/2020\/02\/Photographe-be\u0301be\u0301-a\u0300-Fre\u0301jus-83.jpg\" data-elementor-open-lightbox=\"yes\" data-elementor-lightbox-slideshow=\"662b4dc0\" data-elementor-lightbox-title=\"Photographe be\u0301be\u0301 a\u0300 Fre\u0301jus 83\" data-elementor-lightbox-description=\"Jennifer Serantoni photographe \u00e0 Nice, Antibes et Cannes. Entre Var, Alpes Maritimes et C\u00f4tes d&#039;Azur je vous accueille pour des s\u00e9ances photo en exterieur ou studio pour grossesse, b\u00e9b\u00e9 et nouveau n\u00e9, enfant, famille, couple...\" data-e-action-hash=\"#elementor-action%3Aaction%3Dlightbox%26settings%3DeyJpZCI6MTE5LCJ1cmwiOiJodHRwczpcL1wvd3d3Lmplbm55c3Bob3RvZ3JhcGhpZXMuY29tXC93cC1jb250ZW50XC91cGxvYWRzXC8yMDIwXC8wMlwvUGhvdG9ncmFwaGUtYmVcdTAzMDFiZVx1MDMwMS1hXHUwMzAwLUZyZVx1MDMwMWp1cy04My5qcGciLCJzbGlkZXNob3ciOiI2NjJiNGRjMCJ9\">\n\t\t\t\t\t<div class=\"e-gallery-image elementor-gallery-item__image\" data-thumbnail=\"https:\/\/www.jennysphotographies.com\/file\/2020\/02\/Photographe-be\u0301be\u0301-a\u0300-Fre\u0301jus-83.jpg\" data-width=\"960\" data-height=\"640\" aria-label=\"Photographe be\u0301be\u0301 a\u0300 Fre\u0301jus 83\" role=\"img\" ><\/div>\n\t\t\t\t\t\t\t\t\t\t\t<div class=\"elementor-gallery-item__overlay\"><\/div>\n\t\t\t\t\t\t\t\t\t\t\t\t\t\t<\/a>\n\t\t\t\t\t\t\t<a class=\"e-gallery-item elementor-gallery-item elementor-animated-content\" href=\"https:\/\/www.jennysphotographies.com\/file\/2020\/02\/Photographe-be\u0301be\u0301-a\u0300-Mandelieu-la-napoule-06.jpg\" data-elementor-open-lightbox=\"yes\" data-elementor-lightbox-slideshow=\"662b4dc0\" data-elementor-lightbox-title=\"Contact Jennifer Serantoni votre photographe \u00e0 Th\u00e9oule-sur-Mer (06)\" data-elementor-lightbox-description=\"Jennifer Serantoni photographe \u00e0 Nice, Antibes et Cannes. Entre Var, Alpes Maritimes et C\u00f4tes d&#039;Azur je vous accueille pour des s\u00e9ances photo en exterieur ou studio pour grossesse, b\u00e9b\u00e9 et nouveau n\u00e9, enfant, famille, couple...\" data-e-action-hash=\"#elementor-action%3Aaction%3Dlightbox%26settings%3DeyJpZCI6MTIxLCJ1cmwiOiJodHRwczpcL1wvd3d3Lmplbm55c3Bob3RvZ3JhcGhpZXMuY29tXC93cC1jb250ZW50XC91cGxvYWRzXC8yMDIwXC8wMlwvUGhvdG9ncmFwaGUtYmVcdTAzMDFiZVx1MDMwMS1hXHUwMzAwLU1hbmRlbGlldS1sYS1uYXBvdWxlLTA2LmpwZyIsInNsaWRlc2hvdyI6IjY2MmI0ZGMwIn0%3D\">\n\t\t\t\t\t<div class=\"e-gallery-image elementor-gallery-item__image\" data-thumbnail=\"https:\/\/www.jennysphotographies.com\/file\/2020\/02\/Photographe-be\u0301be\u0301-a\u0300-Mandelieu-la-napoule-06.jpg\" data-width=\"960\" data-height=\"640\" aria-label=\"Contact Jennifer Serantoni votre photographe \u00e0 Th\u00e9oule-sur-Mer (06)\" role=\"img\" ><\/div>\n\t\t\t\t\t\t\t\t\t\t\t<div class=\"elementor-gallery-item__overlay\"><\/div>\n\t\t\t\t\t\t\t\t\t\t\t\t\t\t<\/a>\n\t\t\t\t\t\t\t<a class=\"e-gallery-item elementor-gallery-item elementor-animated-content\" href=\"https:\/\/www.jennysphotographies.com\/file\/2020\/02\/Photographe-be\u0301be\u0301-a\u0300-Nice-06.jpg\" data-elementor-open-lightbox=\"yes\" data-elementor-lightbox-slideshow=\"662b4dc0\" data-elementor-lightbox-title=\"Photographe be\u0301be\u0301 a\u0300 Nice 06\" data-elementor-lightbox-description=\"Jennifer Serantoni photographe \u00e0 Nice, Antibes et Cannes. Entre Var, Alpes Maritimes et C\u00f4tes d&#039;Azur je vous accueille pour des s\u00e9ances photo en exterieur ou studio pour grossesse, b\u00e9b\u00e9 et nouveau n\u00e9, enfant, famille, couple...\" data-e-action-hash=\"#elementor-action%3Aaction%3Dlightbox%26settings%3DeyJpZCI6MTIyLCJ1cmwiOiJodHRwczpcL1wvd3d3Lmplbm55c3Bob3RvZ3JhcGhpZXMuY29tXC93cC1jb250ZW50XC91cGxvYWRzXC8yMDIwXC8wMlwvUGhvdG9ncmFwaGUtYmVcdTAzMDFiZVx1MDMwMS1hXHUwMzAwLU5pY2UtMDYuanBnIiwic2xpZGVzaG93IjoiNjYyYjRkYzAifQ%3D%3D\">\n\t\t\t\t\t<div class=\"e-gallery-image elementor-gallery-item__image\" data-thumbnail=\"https:\/\/www.jennysphotographies.com\/file\/2020\/02\/Photographe-be\u0301be\u0301-a\u0300-Nice-06.jpg\" data-width=\"960\" data-height=\"640\" aria-label=\"Photographe be\u0301be\u0301 a\u0300 Nice 06\" role=\"img\" ><\/div>\n\t\t\t\t\t\t\t\t\t\t\t<div class=\"elementor-gallery-item__overlay\"><\/div>\n\t\t\t\t\t\t\t\t\t\t\t\t\t\t<\/a>\n\t\t\t\t\t\t\t<a class=\"e-gallery-item elementor-gallery-item elementor-animated-content\" href=\"https:\/\/www.jennysphotographies.com\/file\/2020\/02\/Photographe-be\u0301be\u0301-a\u0300-The\u0301oule-sur-Mer-06.jpg\" data-elementor-open-lightbox=\"yes\" data-elementor-lightbox-slideshow=\"662b4dc0\" data-elementor-lightbox-title=\"Photographe nouveau n\u00e9 Nice Cannes I JennyS Photographies\" data-elementor-lightbox-description=\"Jennifer Serantoni photographe \u00e0 Nice, Antibes et Cannes. Entre Var, Alpes Maritimes et C\u00f4tes d&#039;Azur je vous accueille pour des s\u00e9ances photo en exterieur ou studio pour grossesse, b\u00e9b\u00e9 et nouveau n\u00e9, enfant, famille, couple...\" data-e-action-hash=\"#elementor-action%3Aaction%3Dlightbox%26settings%3DeyJpZCI6MTIzLCJ1cmwiOiJodHRwczpcL1wvd3d3Lmplbm55c3Bob3RvZ3JhcGhpZXMuY29tXC93cC1jb250ZW50XC91cGxvYWRzXC8yMDIwXC8wMlwvUGhvdG9ncmFwaGUtYmVcdTAzMDFiZVx1MDMwMS1hXHUwMzAwLVRoZVx1MDMwMW91bGUtc3VyLU1lci0wNi5qcGciLCJzbGlkZXNob3ciOiI2NjJiNGRjMCJ9\">\n\t\t\t\t\t<div class=\"e-gallery-image elementor-gallery-item__image\" data-thumbnail=\"https:\/\/www.jennysphotographies.com\/file\/2020\/02\/Photographe-be\u0301be\u0301-a\u0300-The\u0301oule-sur-Mer-06.jpg\" data-width=\"960\" data-height=\"640\" aria-label=\"Photographe nouveau n\u00e9 Nice Cannes I JennyS Photographies\" role=\"img\" ><\/div>\n\t\t\t\t\t\t\t\t\t\t\t<div class=\"elementor-gallery-item__overlay\"><\/div>\n\t\t\t\t\t\t\t\t\t\t\t\t\t\t<\/a>\n\t\t\t\t\t\t\t<a class=\"e-gallery-item elementor-gallery-item elementor-animated-content\" href=\"https:\/\/www.jennysphotographies.com\/file\/2020\/02\/Photographe-be\u0301be\u0301-dans-le-Var-83.jpg\" data-elementor-open-lightbox=\"yes\" data-elementor-lightbox-slideshow=\"662b4dc0\" data-elementor-lightbox-title=\"Photographe be\u0301be\u0301 dans le Var 83\" data-elementor-lightbox-description=\"Jennifer Serantoni photographe \u00e0 Nice, Antibes et Cannes. Entre Var, Alpes Maritimes et C\u00f4tes d&#039;Azur je vous accueille pour des s\u00e9ances photo en exterieur ou studio pour grossesse, b\u00e9b\u00e9 et nouveau n\u00e9, enfant, famille, couple...\" data-e-action-hash=\"#elementor-action%3Aaction%3Dlightbox%26settings%3DeyJpZCI6MTI0LCJ1cmwiOiJodHRwczpcL1wvd3d3Lmplbm55c3Bob3RvZ3JhcGhpZXMuY29tXC93cC1jb250ZW50XC91cGxvYWRzXC8yMDIwXC8wMlwvUGhvdG9ncmFwaGUtYmVcdTAzMDFiZVx1MDMwMS1kYW5zLWxlLVZhci04My5qcGciLCJzbGlkZXNob3ciOiI2NjJiNGRjMCJ9\">\n\t\t\t\t\t<div class=\"e-gallery-image elementor-gallery-item__image\" data-thumbnail=\"https:\/\/www.jennysphotographies.com\/file\/2020\/02\/Photographe-be\u0301be\u0301-dans-le-Var-83.jpg\" data-width=\"960\" data-height=\"640\" aria-label=\"Photographe be\u0301be\u0301 dans le Var 83\" role=\"img\" ><\/div>\n\t\t\t\t\t\t\t\t\t\t\t<div class=\"elementor-gallery-item__overlay\"><\/div>\n\t\t\t\t\t\t\t\t\t\t\t\t\t\t<\/a>\n\t\t\t\t\t\t\t<a class=\"e-gallery-item elementor-gallery-item elementor-animated-content\" href=\"https:\/\/www.jennysphotographies.com\/file\/2020\/02\/Photographe-be\u0301be\u0301-dans-les-Alpes-Maritimes-06.jpg\" data-elementor-open-lightbox=\"yes\" data-elementor-lightbox-slideshow=\"662b4dc0\" data-elementor-lightbox-title=\"Photographe be\u0301be\u0301 dans les Alpes Maritimes 06\" data-elementor-lightbox-description=\"Jennifer Serantoni photographe \u00e0 Nice, Antibes et Cannes. Entre Var, Alpes Maritimes et C\u00f4tes d&#039;Azur je vous accueille pour des s\u00e9ances photo en exterieur ou studio pour grossesse, b\u00e9b\u00e9 et nouveau n\u00e9, enfant, famille, couple...\" data-e-action-hash=\"#elementor-action%3Aaction%3Dlightbox%26settings%3DeyJpZCI6MTI1LCJ1cmwiOiJodHRwczpcL1wvd3d3Lmplbm55c3Bob3RvZ3JhcGhpZXMuY29tXC93cC1jb250ZW50XC91cGxvYWRzXC8yMDIwXC8wMlwvUGhvdG9ncmFwaGUtYmVcdTAzMDFiZVx1MDMwMS1kYW5zLWxlcy1BbHBlcy1NYXJpdGltZXMtMDYuanBnIiwic2xpZGVzaG93IjoiNjYyYjRkYzAifQ%3D%3D\">\n\t\t\t\t\t<div class=\"e-gallery-image elementor-gallery-item__image\" data-thumbnail=\"https:\/\/www.jennysphotographies.com\/file\/2020\/02\/Photographe-be\u0301be\u0301-dans-les-Alpes-Maritimes-06.jpg\" data-width=\"960\" data-height=\"640\" aria-label=\"Photographe be\u0301be\u0301 dans les Alpes Maritimes 06\" role=\"img\" ><\/div>\n\t\t\t\t\t\t\t\t\t\t\t<div class=\"elementor-gallery-item__overlay\"><\/div>\n\t\t\t\t\t\t\t\t\t\t\t\t\t\t<\/a>\n\t\t\t\t\t\t\t<a class=\"e-gallery-item elementor-gallery-item elementor-animated-content\" href=\"https:\/\/www.jennysphotographies.com\/file\/2020\/02\/Photographe-nouveau-ne\u0301-a\u0300-Antibes-06.jpg\" data-elementor-open-lightbox=\"yes\" data-elementor-lightbox-slideshow=\"662b4dc0\" data-elementor-lightbox-title=\"Photographe nouveau ne\u0301 a\u0300 Antibes 06\" data-elementor-lightbox-description=\"Jennifer Serantoni photographe \u00e0 Nice, Antibes et Cannes. Entre Var, Alpes Maritimes et C\u00f4tes d&#039;Azur je vous accueille pour des s\u00e9ances photo en exterieur ou studio pour grossesse, b\u00e9b\u00e9 et nouveau n\u00e9, enfant, famille, couple...\" data-e-action-hash=\"#elementor-action%3Aaction%3Dlightbox%26settings%3DeyJpZCI6MTI2LCJ1cmwiOiJodHRwczpcL1wvd3d3Lmplbm55c3Bob3RvZ3JhcGhpZXMuY29tXC93cC1jb250ZW50XC91cGxvYWRzXC8yMDIwXC8wMlwvUGhvdG9ncmFwaGUtbm91dmVhdS1uZVx1MDMwMS1hXHUwMzAwLUFudGliZXMtMDYuanBnIiwic2xpZGVzaG93IjoiNjYyYjRkYzAifQ%3D%3D\">\n\t\t\t\t\t<div class=\"e-gallery-image elementor-gallery-item__image\" data-thumbnail=\"https:\/\/www.jennysphotographies.com\/file\/2020\/02\/Photographe-nouveau-ne\u0301-a\u0300-Antibes-06.jpg\" data-width=\"960\" data-height=\"640\" aria-label=\"Photographe nouveau ne\u0301 a\u0300 Antibes 06\" role=\"img\" ><\/div>\n\t\t\t\t\t\t\t\t\t\t\t<div class=\"elementor-gallery-item__overlay\"><\/div>\n\t\t\t\t\t\t\t\t\t\t\t\t\t\t<\/a>\n\t\t\t\t\t\t\t<a class=\"e-gallery-item elementor-gallery-item elementor-animated-content\" href=\"https:\/\/www.jennysphotographies.com\/file\/2020\/02\/Photographe-nouveau-ne\u0301-a\u0300-Cannes.jpg\" data-elementor-open-lightbox=\"yes\" data-elementor-lightbox-slideshow=\"662b4dc0\" data-elementor-lightbox-title=\"Photographe nouveau ne\u0301 a\u0300 Cannes\" data-elementor-lightbox-description=\"Jennifer Serantoni photographe \u00e0 Nice, Antibes et Cannes. Entre Var, Alpes Maritimes et C\u00f4tes d&#039;Azur je vous accueille pour des s\u00e9ances photo en exterieur ou studio pour grossesse, b\u00e9b\u00e9 et nouveau n\u00e9, enfant, famille, couple...\" data-e-action-hash=\"#elementor-action%3Aaction%3Dlightbox%26settings%3DeyJpZCI6MTI3LCJ1cmwiOiJodHRwczpcL1wvd3d3Lmplbm55c3Bob3RvZ3JhcGhpZXMuY29tXC93cC1jb250ZW50XC91cGxvYWRzXC8yMDIwXC8wMlwvUGhvdG9ncmFwaGUtbm91dmVhdS1uZVx1MDMwMS1hXHUwMzAwLUNhbm5lcy5qcGciLCJzbGlkZXNob3ciOiI2NjJiNGRjMCJ9\">\n\t\t\t\t\t<div class=\"e-gallery-image elementor-gallery-item__image\" data-thumbnail=\"https:\/\/www.jennysphotographies.com\/file\/2020\/02\/Photographe-nouveau-ne\u0301-a\u0300-Cannes.jpg\" data-width=\"960\" data-height=\"640\" aria-label=\"Photographe nouveau ne\u0301 a\u0300 Cannes\" role=\"img\" ><\/div>\n\t\t\t\t\t\t\t\t\t\t\t<div class=\"elementor-gallery-item__overlay\"><\/div>\n\t\t\t\t\t\t\t\t\t\t\t\t\t\t<\/a>\n\t\t\t\t\t\t\t<a class=\"e-gallery-item elementor-gallery-item elementor-animated-content\" href=\"https:\/\/www.jennysphotographies.com\/file\/2020\/02\/Photographe-nouveau-ne\u0301-a\u0300-Fre\u0301jus-83.jpg\" data-elementor-open-lightbox=\"yes\" data-elementor-lightbox-slideshow=\"662b4dc0\" data-elementor-lightbox-title=\"Photographe nouveau ne\u0301 a\u0300 Fre\u0301jus 83\" data-elementor-lightbox-description=\"Jennifer Serantoni photographe \u00e0 Nice, Antibes et Cannes. Entre Var, Alpes Maritimes et C\u00f4tes d&#039;Azur je vous accueille pour des s\u00e9ances photo en exterieur ou studio pour grossesse, b\u00e9b\u00e9 et nouveau n\u00e9, enfant, famille, couple...\" data-e-action-hash=\"#elementor-action%3Aaction%3Dlightbox%26settings%3DeyJpZCI6MTI4LCJ1cmwiOiJodHRwczpcL1wvd3d3Lmplbm55c3Bob3RvZ3JhcGhpZXMuY29tXC93cC1jb250ZW50XC91cGxvYWRzXC8yMDIwXC8wMlwvUGhvdG9ncmFwaGUtbm91dmVhdS1uZVx1MDMwMS1hXHUwMzAwLUZyZVx1MDMwMWp1cy04My5qcGciLCJzbGlkZXNob3ciOiI2NjJiNGRjMCJ9\">\n\t\t\t\t\t<div class=\"e-gallery-image elementor-gallery-item__image\" data-thumbnail=\"https:\/\/www.jennysphotographies.com\/file\/2020\/02\/Photographe-nouveau-ne\u0301-a\u0300-Fre\u0301jus-83.jpg\" data-width=\"960\" data-height=\"640\" aria-label=\"Photographe nouveau ne\u0301 a\u0300 Fre\u0301jus 83\" role=\"img\" ><\/div>\n\t\t\t\t\t\t\t\t\t\t\t<div class=\"elementor-gallery-item__overlay\"><\/div>\n\t\t\t\t\t\t\t\t\t\t\t\t\t\t<\/a>\n\t\t\t\t\t\t\t<a class=\"e-gallery-item elementor-gallery-item elementor-animated-content\" href=\"https:\/\/www.jennysphotographies.com\/file\/2020\/02\/Photographe-nouveau-ne\u0301-a\u0300-Juan-les-Pins-06.jpg\" data-elementor-open-lightbox=\"yes\" data-elementor-lightbox-slideshow=\"662b4dc0\" data-elementor-lightbox-title=\"Photographe nouveau ne\u0301 a\u0300 Juan les Pins 06\" data-elementor-lightbox-description=\"Jennifer Serantoni photographe \u00e0 Nice, Antibes et Cannes. Entre Var, Alpes Maritimes et C\u00f4tes d&#039;Azur je vous accueille pour des s\u00e9ances photo en exterieur ou studio pour grossesse, b\u00e9b\u00e9 et nouveau n\u00e9, enfant, famille, couple...\" data-e-action-hash=\"#elementor-action%3Aaction%3Dlightbox%26settings%3DeyJpZCI6MTI5LCJ1cmwiOiJodHRwczpcL1wvd3d3Lmplbm55c3Bob3RvZ3JhcGhpZXMuY29tXC93cC1jb250ZW50XC91cGxvYWRzXC8yMDIwXC8wMlwvUGhvdG9ncmFwaGUtbm91dmVhdS1uZVx1MDMwMS1hXHUwMzAwLUp1YW4tbGVzLVBpbnMtMDYuanBnIiwic2xpZGVzaG93IjoiNjYyYjRkYzAifQ%3D%3D\">\n\t\t\t\t\t<div class=\"e-gallery-image elementor-gallery-item__image\" data-thumbnail=\"https:\/\/www.jennysphotographies.com\/file\/2020\/02\/Photographe-nouveau-ne\u0301-a\u0300-Juan-les-Pins-06.jpg\" data-width=\"960\" data-height=\"640\" aria-label=\"Photographe nouveau ne\u0301 a\u0300 Juan les Pins 06\" role=\"img\" ><\/div>\n\t\t\t\t\t\t\t\t\t\t\t<div class=\"elementor-gallery-item__overlay\"><\/div>\n\t\t\t\t\t\t\t\t\t\t\t\t\t\t<\/a>\n\t\t\t\t\t\t\t<a class=\"e-gallery-item elementor-gallery-item elementor-animated-content\" href=\"https:\/\/www.jennysphotographies.com\/file\/2020\/02\/Photographe-nouveau-ne\u0301-a\u0300-Mandelieu-la-Napoule-06.jpg\" data-elementor-open-lightbox=\"yes\" data-elementor-lightbox-slideshow=\"662b4dc0\" data-elementor-lightbox-title=\"Photographe nouveau ne\u0301 a\u0300 Mandelieu la Napoule 06\" data-elementor-lightbox-description=\"Jennifer Serantoni photographe \u00e0 Nice, Antibes et Cannes. Entre Var, Alpes Maritimes et C\u00f4tes d&#039;Azur je vous accueille pour des s\u00e9ances photo en exterieur ou studio pour grossesse, b\u00e9b\u00e9 et nouveau n\u00e9, enfant, famille, couple...\" data-e-action-hash=\"#elementor-action%3Aaction%3Dlightbox%26settings%3DeyJpZCI6MTMwLCJ1cmwiOiJodHRwczpcL1wvd3d3Lmplbm55c3Bob3RvZ3JhcGhpZXMuY29tXC93cC1jb250ZW50XC91cGxvYWRzXC8yMDIwXC8wMlwvUGhvdG9ncmFwaGUtbm91dmVhdS1uZVx1MDMwMS1hXHUwMzAwLU1hbmRlbGlldS1sYS1OYXBvdWxlLTA2LmpwZyIsInNsaWRlc2hvdyI6IjY2MmI0ZGMwIn0%3D\">\n\t\t\t\t\t<div class=\"e-gallery-image elementor-gallery-item__image\" data-thumbnail=\"https:\/\/www.jennysphotographies.com\/file\/2020\/02\/Photographe-nouveau-ne\u0301-a\u0300-Mandelieu-la-Napoule-06.jpg\" data-width=\"960\" data-height=\"640\" aria-label=\"Photographe nouveau ne\u0301 a\u0300 Mandelieu la Napoule 06\" role=\"img\" ><\/div>\n\t\t\t\t\t\t\t\t\t\t\t<div class=\"elementor-gallery-item__overlay\"><\/div>\n\t\t\t\t\t\t\t\t\t\t\t\t\t\t<\/a>\n\t\t\t\t\t\t\t<a class=\"e-gallery-item elementor-gallery-item elementor-animated-content\" href=\"https:\/\/www.jennysphotographies.com\/file\/2020\/04\/emrys.jpg\" data-elementor-open-lightbox=\"yes\" data-elementor-lightbox-slideshow=\"662b4dc0\" data-elementor-lightbox-title=\"emrys\" data-e-action-hash=\"#elementor-action%3Aaction%3Dlightbox%26settings%3DeyJpZCI6MzQzLCJ1cmwiOiJodHRwczpcL1wvd3d3Lmplbm55c3Bob3RvZ3JhcGhpZXMuY29tXC93cC1jb250ZW50XC91cGxvYWRzXC8yMDIwXC8wNFwvZW1yeXMuanBnIiwic2xpZGVzaG93IjoiNjYyYjRkYzAifQ%3D%3D\">\n\t\t\t\t\t<div class=\"e-gallery-image elementor-gallery-item__image\" data-thumbnail=\"https:\/\/www.jennysphotographies.com\/file\/2020\/04\/emrys.jpg\" data-width=\"1500\" data-height=\"1000\" aria-label=\"\" role=\"img\" ><\/div>\n\t\t\t\t\t\t\t\t\t\t\t<div class=\"elementor-gallery-item__overlay\"><\/div>\n\t\t\t\t\t\t\t\t\t\t\t\t\t\t<\/a>\n\t\t\t\t\t\t\t<a class=\"e-gallery-item elementor-gallery-item elementor-animated-content\" href=\"https:\/\/www.jennysphotographies.com\/file\/2020\/02\/Photographe-nouveau-ne\u0301-a\u0300-The\u0301oule-sur-Mer-06.jpg\" data-elementor-open-lightbox=\"yes\" data-elementor-lightbox-slideshow=\"662b4dc0\" data-elementor-lightbox-title=\"Photographe nouveau ne\u0301 a\u0300 The\u0301oule sur Mer 06\" data-elementor-lightbox-description=\"Jennifer Serantoni photographe \u00e0 Nice, Antibes et Cannes. Entre Var, Alpes Maritimes et C\u00f4tes d&#039;Azur je vous accueille pour des s\u00e9ances photo en exterieur ou studio pour grossesse, b\u00e9b\u00e9 et nouveau n\u00e9, enfant, famille, couple...\" data-e-action-hash=\"#elementor-action%3Aaction%3Dlightbox%26settings%3DeyJpZCI6MTMyLCJ1cmwiOiJodHRwczpcL1wvd3d3Lmplbm55c3Bob3RvZ3JhcGhpZXMuY29tXC93cC1jb250ZW50XC91cGxvYWRzXC8yMDIwXC8wMlwvUGhvdG9ncmFwaGUtbm91dmVhdS1uZVx1MDMwMS1hXHUwMzAwLVRoZVx1MDMwMW91bGUtc3VyLU1lci0wNi5qcGciLCJzbGlkZXNob3ciOiI2NjJiNGRjMCJ9\">\n\t\t\t\t\t<div class=\"e-gallery-image elementor-gallery-item__image\" data-thumbnail=\"https:\/\/www.jennysphotographies.com\/file\/2020\/02\/Photographe-nouveau-ne\u0301-a\u0300-The\u0301oule-sur-Mer-06.jpg\" data-width=\"960\" data-height=\"640\" aria-label=\"Photographe nouveau ne\u0301 a\u0300 The\u0301oule sur Mer 06\" role=\"img\" ><\/div>\n\t\t\t\t\t\t\t\t\t\t\t<div class=\"elementor-gallery-item__overlay\"><\/div>\n\t\t\t\t\t\t\t\t\t\t\t\t\t\t<\/a>\n\t\t\t\t\t\t\t<a class=\"e-gallery-item elementor-gallery-item elementor-animated-content\" href=\"https:\/\/www.jennysphotographies.com\/file\/2020\/02\/Photographe-nouveau-ne\u0301-dans-le-Var-83.jpg\" data-elementor-open-lightbox=\"yes\" data-elementor-lightbox-slideshow=\"662b4dc0\" data-elementor-lightbox-title=\"Description s\u00e9ance nouveau-n\u00e9 par Jennifer S\u00e9rantoni photographe 83\" data-elementor-lightbox-description=\"Jennifer Serantoni photographe \u00e0 Nice, Antibes et Cannes. Entre Var, Alpes Maritimes et C\u00f4tes d&#039;Azur je vous accueille pour des s\u00e9ances photo en exterieur ou studio pour grossesse, b\u00e9b\u00e9 et nouveau n\u00e9, enfant, famille, couple...\" data-e-action-hash=\"#elementor-action%3Aaction%3Dlightbox%26settings%3DeyJpZCI6MTMzLCJ1cmwiOiJodHRwczpcL1wvd3d3Lmplbm55c3Bob3RvZ3JhcGhpZXMuY29tXC93cC1jb250ZW50XC91cGxvYWRzXC8yMDIwXC8wMlwvUGhvdG9ncmFwaGUtbm91dmVhdS1uZVx1MDMwMS1kYW5zLWxlLVZhci04My5qcGciLCJzbGlkZXNob3ciOiI2NjJiNGRjMCJ9\">\n\t\t\t\t\t<div class=\"e-gallery-image elementor-gallery-item__image\" data-thumbnail=\"https:\/\/www.jennysphotographies.com\/file\/2020\/02\/Photographe-nouveau-ne\u0301-dans-le-Var-83.jpg\" data-width=\"960\" data-height=\"640\" aria-label=\"Description s\u00e9ance nouveau-n\u00e9 par Jennifer S\u00e9rantoni photographe 83\" role=\"img\" ><\/div>\n\t\t\t\t\t\t\t\t\t\t\t<div class=\"elementor-gallery-item__overlay\"><\/div>\n\t\t\t\t\t\t\t\t\t\t\t\t\t\t<\/a>\n\t\t\t\t\t\t\t<a class=\"e-gallery-item elementor-gallery-item elementor-animated-content\" href=\"https:\/\/www.jennysphotographies.com\/file\/2020\/02\/Photographe-nouveau-ne\u0301-dans-les-Alpes-Maritimes.jpg\" data-elementor-open-lightbox=\"yes\" data-elementor-lightbox-slideshow=\"662b4dc0\" data-elementor-lightbox-title=\"Photographe nouveau ne\u0301 dans les Alpes Maritimes\" data-elementor-lightbox-description=\"Jennifer Serantoni photographe \u00e0 Nice, Antibes et Cannes. Entre Var, Alpes Maritimes et C\u00f4tes d&#039;Azur je vous accueille pour des s\u00e9ances photo en exterieur ou studio pour grossesse, b\u00e9b\u00e9 et nouveau n\u00e9, enfant, famille, couple...\" data-e-action-hash=\"#elementor-action%3Aaction%3Dlightbox%26settings%3DeyJpZCI6MTM0LCJ1cmwiOiJodHRwczpcL1wvd3d3Lmplbm55c3Bob3RvZ3JhcGhpZXMuY29tXC93cC1jb250ZW50XC91cGxvYWRzXC8yMDIwXC8wMlwvUGhvdG9ncmFwaGUtbm91dmVhdS1uZVx1MDMwMS1kYW5zLWxlcy1BbHBlcy1NYXJpdGltZXMuanBnIiwic2xpZGVzaG93IjoiNjYyYjRkYzAifQ%3D%3D\">\n\t\t\t\t\t<div class=\"e-gallery-image elementor-gallery-item__image\" data-thumbnail=\"https:\/\/www.jennysphotographies.com\/file\/2020\/02\/Photographe-nouveau-ne\u0301-dans-les-Alpes-Maritimes.jpg\" data-width=\"960\" data-height=\"640\" aria-label=\"Photographe nouveau ne\u0301 dans les Alpes Maritimes\" role=\"img\" ><\/div>\n\t\t\t\t\t\t\t\t\t\t\t<div class=\"elementor-gallery-item__overlay\"><\/div>\n\t\t\t\t\t\t\t\t\t\t\t\t\t\t<\/a>\n\t\t\t\t\t\t\t<a class=\"e-gallery-item elementor-gallery-item elementor-animated-content\" href=\"https:\/\/www.jennysphotographies.com\/file\/2020\/02\/Photographe-be\u0301be\u0301-a\u0300-Antibes-06.jpg\" data-elementor-open-lightbox=\"yes\" data-elementor-lightbox-slideshow=\"662b4dc0\" data-elementor-lightbox-title=\"Photographe be\u0301be\u0301 a\u0300 Antibes 06\" data-elementor-lightbox-description=\"Jennifer Serantoni photographe \u00e0 Nice, Antibes et Cannes. Entre Var, Alpes Maritimes et C\u00f4tes d&#039;Azur je vous accueille pour des s\u00e9ances photo en exterieur ou studio pour grossesse, b\u00e9b\u00e9 et nouveau n\u00e9, enfant, famille, couple...\" data-e-action-hash=\"#elementor-action%3Aaction%3Dlightbox%26settings%3DeyJpZCI6MTE3LCJ1cmwiOiJodHRwczpcL1wvd3d3Lmplbm55c3Bob3RvZ3JhcGhpZXMuY29tXC93cC1jb250ZW50XC91cGxvYWRzXC8yMDIwXC8wMlwvUGhvdG9ncmFwaGUtYmVcdTAzMDFiZVx1MDMwMS1hXHUwMzAwLUFudGliZXMtMDYuanBnIiwic2xpZGVzaG93IjoiNjYyYjRkYzAifQ%3D%3D\">\n\t\t\t\t\t<div class=\"e-gallery-image elementor-gallery-item__image\" data-thumbnail=\"https:\/\/www.jennysphotographies.com\/file\/2020\/02\/Photographe-be\u0301be\u0301-a\u0300-Antibes-06.jpg\" data-width=\"960\" data-height=\"640\" aria-label=\"Photographe be\u0301be\u0301 a\u0300 Antibes 06\" role=\"img\" ><\/div>\n\t\t\t\t\t\t\t\t\t\t\t<div class=\"elementor-gallery-item__overlay\"><\/div>\n\t\t\t\t\t\t\t\t\t\t\t\t\t\t<\/a>\n\t\t\t\t\t\t\t<a class=\"e-gallery-item elementor-gallery-item elementor-animated-content\" href=\"https:\/\/www.jennysphotographies.com\/file\/2020\/07\/Photographier-un-nouveau-ne\u0301-a\u0300-Nice.jpg\" data-elementor-open-lightbox=\"yes\" data-elementor-lightbox-slideshow=\"662b4dc0\" data-elementor-lightbox-title=\"Photographier un nouveau ne\u0301 a\u0300 Nice\" data-e-action-hash=\"#elementor-action%3Aaction%3Dlightbox%26settings%3DeyJpZCI6MzcxLCJ1cmwiOiJodHRwczpcL1wvd3d3Lmplbm55c3Bob3RvZ3JhcGhpZXMuY29tXC93cC1jb250ZW50XC91cGxvYWRzXC8yMDIwXC8wN1wvUGhvdG9ncmFwaGllci11bi1ub3V2ZWF1LW5lXHUwMzAxLWFcdTAzMDAtTmljZS5qcGciLCJzbGlkZXNob3ciOiI2NjJiNGRjMCJ9\">\n\t\t\t\t\t<div class=\"e-gallery-image elementor-gallery-item__image\" data-thumbnail=\"https:\/\/www.jennysphotographies.com\/file\/2020\/07\/Photographier-un-nouveau-ne\u0301-a\u0300-Nice.jpg\" data-width=\"960\" data-height=\"640\" aria-label=\"Photographier un nouveau ne\u0301 a\u0300 Nice\" role=\"img\" ><\/div>\n\t\t\t\t\t\t\t\t\t\t\t<div class=\"elementor-gallery-item__overlay\"><\/div>\n\t\t\t\t\t\t\t\t\t\t\t\t\t\t<\/a>\n\t\t\t\t\t\t\t<a class=\"e-gallery-item elementor-gallery-item elementor-animated-content\" href=\"https:\/\/www.jennysphotographies.com\/file\/2020\/07\/Photographe-a\u0300-domicile-Nouveau-ne\u0301-The\u0301oule.jpg\" data-elementor-open-lightbox=\"yes\" data-elementor-lightbox-slideshow=\"662b4dc0\" data-elementor-lightbox-title=\"Photographe a\u0300 domicile Nouveau ne\u0301 The\u0301oule\" data-e-action-hash=\"#elementor-action%3Aaction%3Dlightbox%26settings%3DeyJpZCI6MzcwLCJ1cmwiOiJodHRwczpcL1wvd3d3Lmplbm55c3Bob3RvZ3JhcGhpZXMuY29tXC93cC1jb250ZW50XC91cGxvYWRzXC8yMDIwXC8wN1wvUGhvdG9ncmFwaGUtYVx1MDMwMC1kb21pY2lsZS1Ob3V2ZWF1LW5lXHUwMzAxLVRoZVx1MDMwMW91bGUuanBnIiwic2xpZGVzaG93IjoiNjYyYjRkYzAifQ%3D%3D\">\n\t\t\t\t\t<div class=\"e-gallery-image elementor-gallery-item__image\" data-thumbnail=\"https:\/\/www.jennysphotographies.com\/file\/2020\/07\/Photographe-a\u0300-domicile-Nouveau-ne\u0301-The\u0301oule.jpg\" data-width=\"960\" data-height=\"640\" aria-label=\"Photographe a\u0300 domicile Nouveau ne\u0301 The\u0301oule\" role=\"img\" ><\/div>\n\t\t\t\t\t\t\t\t\t\t\t<div class=\"elementor-gallery-item__overlay\"><\/div>\n\t\t\t\t\t\t\t\t\t\t\t\t\t\t<\/a>\n\t\t\t\t\t\t\t<a class=\"e-gallery-item elementor-gallery-item elementor-animated-content\" href=\"https:\/\/www.jennysphotographies.com\/file\/2020\/11\/Photographe-pour-vos-nouveaux-ne\u0301s-dans-le-06.jpg\" data-elementor-open-lightbox=\"yes\" data-elementor-lightbox-slideshow=\"662b4dc0\" data-elementor-lightbox-title=\"Photographe pour vos nouveaux ne\u0301s dans le 06\" data-e-action-hash=\"#elementor-action%3Aaction%3Dlightbox%26settings%3DeyJpZCI6NDEwLCJ1cmwiOiJodHRwczpcL1wvd3d3Lmplbm55c3Bob3RvZ3JhcGhpZXMuY29tXC93cC1jb250ZW50XC91cGxvYWRzXC8yMDIwXC8xMVwvUGhvdG9ncmFwaGUtcG91ci12b3Mtbm91dmVhdXgtbmVcdTAzMDFzLWRhbnMtbGUtMDYuanBnIiwic2xpZGVzaG93IjoiNjYyYjRkYzAifQ%3D%3D\">\n\t\t\t\t\t<div class=\"e-gallery-image elementor-gallery-item__image\" data-thumbnail=\"https:\/\/www.jennysphotographies.com\/file\/2020\/11\/Photographe-pour-vos-nouveaux-ne\u0301s-dans-le-06.jpg\" data-width=\"1500\" data-height=\"1000\" aria-label=\"\" role=\"img\" ><\/div>\n\t\t\t\t\t\t\t\t\t\t\t<div class=\"elementor-gallery-item__overlay\"><\/div>\n\t\t\t\t\t\t\t\t\t\t\t\t\t\t<\/a>\n\t\t\t\t\t\t\t<a class=\"e-gallery-item elementor-gallery-item elementor-animated-content\" href=\"https:\/\/www.jennysphotographies.com\/file\/2020\/11\/Photographe-pour-noel-entre-enfants-et-nouveau-ne\u0301-a\u0300-The\u0301oule.jpg\" data-elementor-open-lightbox=\"yes\" data-elementor-lightbox-slideshow=\"662b4dc0\" data-elementor-lightbox-title=\"Photographe pour noel entre enfants et nouveau ne\u0301 a\u0300 The\u0301oule\" data-e-action-hash=\"#elementor-action%3Aaction%3Dlightbox%26settings%3DeyJpZCI6NDA5LCJ1cmwiOiJodHRwczpcL1wvd3d3Lmplbm55c3Bob3RvZ3JhcGhpZXMuY29tXC93cC1jb250ZW50XC91cGxvYWRzXC8yMDIwXC8xMVwvUGhvdG9ncmFwaGUtcG91ci1ub2VsLWVudHJlLWVuZmFudHMtZXQtbm91dmVhdS1uZVx1MDMwMS1hXHUwMzAwLVRoZVx1MDMwMW91bGUuanBnIiwic2xpZGVzaG93IjoiNjYyYjRkYzAifQ%3D%3D\">\n\t\t\t\t\t<div class=\"e-gallery-image elementor-gallery-item__image\" data-thumbnail=\"https:\/\/www.jennysphotographies.com\/file\/2020\/11\/Photographe-pour-noel-entre-enfants-et-nouveau-ne\u0301-a\u0300-The\u0301oule.jpg\" data-width=\"1000\" data-height=\"1500\" aria-label=\"Photographe pour noel entre enfants et nouveau ne\u0301 a\u0300 The\u0301oule\" role=\"img\" ><\/div>\n\t\t\t\t\t\t\t\t\t\t\t<div class=\"elementor-gallery-item__overlay\"><\/div>\n\t\t\t\t\t\t\t\t\t\t\t\t\t\t<\/a>\n\t\t\t\t\t\t\t<a class=\"e-gallery-item elementor-gallery-item elementor-animated-content\" href=\"https:\/\/www.jennysphotographies.com\/file\/2020\/11\/Pour-noel-offrez-une-se\u0301ance-photo-entre-vos-enfants-et-nouveau-ne\u0301.jpg\" data-elementor-open-lightbox=\"yes\" data-elementor-lightbox-slideshow=\"662b4dc0\" data-elementor-lightbox-title=\"Pour noel offrez une se\u0301ance photo entre vos enfants et nouveau ne\u0301\" data-e-action-hash=\"#elementor-action%3Aaction%3Dlightbox%26settings%3DeyJpZCI6NDExLCJ1cmwiOiJodHRwczpcL1wvd3d3Lmplbm55c3Bob3RvZ3JhcGhpZXMuY29tXC93cC1jb250ZW50XC91cGxvYWRzXC8yMDIwXC8xMVwvUG91ci1ub2VsLW9mZnJlei11bmUtc2VcdTAzMDFhbmNlLXBob3RvLWVudHJlLXZvcy1lbmZhbnRzLWV0LW5vdXZlYXUtbmVcdTAzMDEuanBnIiwic2xpZGVzaG93IjoiNjYyYjRkYzAifQ%3D%3D\">\n\t\t\t\t\t<div class=\"e-gallery-image elementor-gallery-item__image\" data-thumbnail=\"https:\/\/www.jennysphotographies.com\/file\/2020\/11\/Pour-noel-offrez-une-se\u0301ance-photo-entre-vos-enfants-et-nouveau-ne\u0301.jpg\" data-width=\"1500\" data-height=\"1000\" aria-label=\"\" role=\"img\" ><\/div>\n\t\t\t\t\t\t\t\t\t\t\t<div class=\"elementor-gallery-item__overlay\"><\/div>\n\t\t\t\t\t\t\t\t\t\t\t\t\t\t<\/a>\n\t\t\t\t\t\t\t<a class=\"e-gallery-item elementor-gallery-item elementor-animated-content\" href=\"https:\/\/www.jennysphotographies.com\/file\/2021\/05\/Photographe-a\u0300-domicile-pour-enfants-et-be\u0301be\u0301-Nice.jpg\" data-elementor-open-lightbox=\"yes\" data-elementor-lightbox-slideshow=\"662b4dc0\" data-elementor-lightbox-title=\"Photographe a\u0300 domicile pour enfants et be\u0301be\u0301 Nice\" data-e-action-hash=\"#elementor-action%3Aaction%3Dlightbox%26settings%3DeyJpZCI6NTA0LCJ1cmwiOiJodHRwczpcL1wvd3d3Lmplbm55c3Bob3RvZ3JhcGhpZXMuY29tXC93cC1jb250ZW50XC91cGxvYWRzXC8yMDIxXC8wNVwvUGhvdG9ncmFwaGUtYVx1MDMwMC1kb21pY2lsZS1wb3VyLWVuZmFudHMtZXQtYmVcdTAzMDFiZVx1MDMwMS1OaWNlLmpwZyIsInNsaWRlc2hvdyI6IjY2MmI0ZGMwIn0%3D\">\n\t\t\t\t\t<div class=\"e-gallery-image elementor-gallery-item__image\" data-thumbnail=\"https:\/\/www.jennysphotographies.com\/file\/2021\/05\/Photographe-a\u0300-domicile-pour-enfants-et-be\u0301be\u0301-Nice.jpg\" data-width=\"1500\" data-height=\"1000\" aria-label=\"\" role=\"img\" ><\/div>\n\t\t\t\t\t\t\t\t\t\t\t<div class=\"elementor-gallery-item__overlay\"><\/div>\n\t\t\t\t\t\t\t\t\t\t\t\t\t\t<\/a>\n\t\t\t\t\t\t\t<a class=\"e-gallery-item elementor-gallery-item elementor-animated-content\" href=\"https:\/\/www.jennysphotographies.com\/file\/2021\/05\/afns-2021.jpg\" data-elementor-open-lightbox=\"yes\" data-elementor-lightbox-slideshow=\"662b4dc0\" data-elementor-lightbox-title=\"afns 2021\" data-e-action-hash=\"#elementor-action%3Aaction%3Dlightbox%26settings%3DeyJpZCI6NTA1LCJ1cmwiOiJodHRwczpcL1wvd3d3Lmplbm55c3Bob3RvZ3JhcGhpZXMuY29tXC93cC1jb250ZW50XC91cGxvYWRzXC8yMDIxXC8wNVwvYWZucy0yMDIxLmpwZyIsInNsaWRlc2hvdyI6IjY2MmI0ZGMwIn0%3D\">\n\t\t\t\t\t<div class=\"e-gallery-image elementor-gallery-item__image\" data-thumbnail=\"https:\/\/www.jennysphotographies.com\/file\/2021\/05\/afns-2021.jpg\" data-width=\"2048\" data-height=\"1365\" aria-label=\"\" role=\"img\" ><\/div>\n\t\t\t\t\t\t\t\t\t\t\t<div class=\"elementor-gallery-item__overlay\"><\/div>\n\t\t\t\t\t\t\t\t\t\t\t\t\t\t<\/a>\n\t\t\t\t\t\t\t<a class=\"e-gallery-item elementor-gallery-item elementor-animated-content\" href=\"https:\/\/www.jennysphotographies.com\/file\/2022\/04\/Nouveau-ne\u0301-photographe-Serantoni.jpg\" data-elementor-open-lightbox=\"yes\" data-elementor-lightbox-slideshow=\"662b4dc0\" data-elementor-lightbox-title=\"Nouveau ne\u0301 photographe Serantoni\" data-e-action-hash=\"#elementor-action%3Aaction%3Dlightbox%26settings%3DeyJpZCI6NTU1LCJ1cmwiOiJodHRwczpcL1wvd3d3Lmplbm55c3Bob3RvZ3JhcGhpZXMuY29tXC93cC1jb250ZW50XC91cGxvYWRzXC8yMDIyXC8wNFwvTm91dmVhdS1uZVx1MDMwMS1waG90b2dyYXBoZS1TZXJhbnRvbmkuanBnIiwic2xpZGVzaG93IjoiNjYyYjRkYzAifQ%3D%3D\">\n\t\t\t\t\t<div class=\"e-gallery-image elementor-gallery-item__image\" data-thumbnail=\"https:\/\/www.jennysphotographies.com\/file\/2022\/04\/Nouveau-ne\u0301-photographe-Serantoni.jpg\" data-width=\"1500\" data-height=\"1000\" aria-label=\"Nouveau ne\u0301 photographe Serantoni\" role=\"img\" ><\/div>\n\t\t\t\t\t\t\t\t\t\t\t<div class=\"elementor-gallery-item__overlay\"><\/div>\n\t\t\t\t\t\t\t\t\t\t\t\t\t\t<\/a>\n\t\t\t\t\t\t\t<a class=\"e-gallery-item elementor-gallery-item elementor-animated-content\" href=\"https:\/\/www.jennysphotographies.com\/file\/2022\/04\/Nouveau-ne\u0301-photographe-Theoule.jpg\" data-elementor-open-lightbox=\"yes\" data-elementor-lightbox-slideshow=\"662b4dc0\" data-elementor-lightbox-title=\"Nouveau ne\u0301 photographe Theoule\" data-e-action-hash=\"#elementor-action%3Aaction%3Dlightbox%26settings%3DeyJpZCI6NTU2LCJ1cmwiOiJodHRwczpcL1wvd3d3Lmplbm55c3Bob3RvZ3JhcGhpZXMuY29tXC93cC1jb250ZW50XC91cGxvYWRzXC8yMDIyXC8wNFwvTm91dmVhdS1uZVx1MDMwMS1waG90b2dyYXBoZS1UaGVvdWxlLmpwZyIsInNsaWRlc2hvdyI6IjY2MmI0ZGMwIn0%3D\">\n\t\t\t\t\t<div class=\"e-gallery-image elementor-gallery-item__image\" data-thumbnail=\"https:\/\/www.jennysphotographies.com\/file\/2022\/04\/Nouveau-ne\u0301-photographe-Theoule.jpg\" data-width=\"1000\" data-height=\"1500\" aria-label=\"Nouveau ne\u0301 photographe Theoule\" role=\"img\" ><\/div>\n\t\t\t\t\t\t\t\t\t\t\t<div class=\"elementor-gallery-item__overlay\"><\/div>\n\t\t\t\t\t\t\t\t\t\t\t\t\t\t<\/a>\n\t\t\t\t\t\t\t<a class=\"e-gallery-item elementor-gallery-item elementor-animated-content\" href=\"https:\/\/www.jennysphotographies.com\/file\/2022\/04\/Nouveau-ne\u0301-photographe-Mandelieu.jpg\" data-elementor-open-lightbox=\"yes\" data-elementor-lightbox-slideshow=\"662b4dc0\" data-elementor-lightbox-title=\"Nouveau ne\u0301 photographe Mandelieu\" data-e-action-hash=\"#elementor-action%3Aaction%3Dlightbox%26settings%3DeyJpZCI6NTUzLCJ1cmwiOiJodHRwczpcL1wvd3d3Lmplbm55c3Bob3RvZ3JhcGhpZXMuY29tXC93cC1jb250ZW50XC91cGxvYWRzXC8yMDIyXC8wNFwvTm91dmVhdS1uZVx1MDMwMS1waG90b2dyYXBoZS1NYW5kZWxpZXUuanBnIiwic2xpZGVzaG93IjoiNjYyYjRkYzAifQ%3D%3D\">\n\t\t\t\t\t<div class=\"e-gallery-image elementor-gallery-item__image\" data-thumbnail=\"https:\/\/www.jennysphotographies.com\/file\/2022\/04\/Nouveau-ne\u0301-photographe-Mandelieu.jpg\" data-width=\"1500\" data-height=\"1000\" aria-label=\"Nouveau ne\u0301 photographe Mandelieu\" role=\"img\" ><\/div>\n\t\t\t\t\t\t\t\t\t\t\t<div class=\"elementor-gallery-item__overlay\"><\/div>\n\t\t\t\t\t\t\t\t\t\t\t\t\t\t<\/a>\n\t\t\t\t\t\t\t<a class=\"e-gallery-item elementor-gallery-item elementor-animated-content\" href=\"https:\/\/www.jennysphotographies.com\/file\/2022\/04\/Nouveau-ne\u0301-photographe-Saint-Raphael.jpg\" data-elementor-open-lightbox=\"yes\" data-elementor-lightbox-slideshow=\"662b4dc0\" data-elementor-lightbox-title=\"Nouveau ne\u0301 photographe Saint Raphael\" data-e-action-hash=\"#elementor-action%3Aaction%3Dlightbox%26settings%3DeyJpZCI6NTU0LCJ1cmwiOiJodHRwczpcL1wvd3d3Lmplbm55c3Bob3RvZ3JhcGhpZXMuY29tXC93cC1jb250ZW50XC91cGxvYWRzXC8yMDIyXC8wNFwvTm91dmVhdS1uZVx1MDMwMS1waG90b2dyYXBoZS1TYWludC1SYXBoYWVsLmpwZyIsInNsaWRlc2hvdyI6IjY2MmI0ZGMwIn0%3D\">\n\t\t\t\t\t<div class=\"e-gallery-image elementor-gallery-item__image\" data-thumbnail=\"https:\/\/www.jennysphotographies.com\/file\/2022\/04\/Nouveau-ne\u0301-photographe-Saint-Raphael.jpg\" data-width=\"1500\" data-height=\"1000\" aria-label=\"Nouveau ne\u0301 photographe Saint Raphael\" role=\"img\" ><\/div>\n\t\t\t\t\t\t\t\t\t\t\t<div class=\"elementor-gallery-item__overlay\"><\/div>\n\t\t\t\t\t\t\t\t\t\t\t\t\t\t<\/a>\n\t\t\t\t\t\t\t<a class=\"e-gallery-item elementor-gallery-item elementor-animated-content\" href=\"https:\/\/www.jennysphotographies.com\/file\/2022\/04\/Nouveau-ne\u0301-photographe-Cannes.jpg\" data-elementor-open-lightbox=\"yes\" data-elementor-lightbox-slideshow=\"662b4dc0\" data-elementor-lightbox-title=\"Nouveau ne\u0301 photographe Cannes\" data-e-action-hash=\"#elementor-action%3Aaction%3Dlightbox%26settings%3DeyJpZCI6NTUxLCJ1cmwiOiJodHRwczpcL1wvd3d3Lmplbm55c3Bob3RvZ3JhcGhpZXMuY29tXC93cC1jb250ZW50XC91cGxvYWRzXC8yMDIyXC8wNFwvTm91dmVhdS1uZVx1MDMwMS1waG90b2dyYXBoZS1DYW5uZXMuanBnIiwic2xpZGVzaG93IjoiNjYyYjRkYzAifQ%3D%3D\">\n\t\t\t\t\t<div class=\"e-gallery-image elementor-gallery-item__image\" data-thumbnail=\"https:\/\/www.jennysphotographies.com\/file\/2022\/04\/Nouveau-ne\u0301-photographe-Cannes.jpg\" data-width=\"1000\" data-height=\"1500\" aria-label=\"Nouveau ne\u0301 photographe Cannes\" role=\"img\" ><\/div>\n\t\t\t\t\t\t\t\t\t\t\t<div class=\"elementor-gallery-item__overlay\"><\/div>\n\t\t\t\t\t\t\t\t\t\t\t\t\t\t<\/a>\n\t\t\t\t\t\t\t<a class=\"e-gallery-item elementor-gallery-item elementor-animated-content\" href=\"https:\/\/www.jennysphotographies.com\/file\/2022\/04\/Nouveau-ne\u0301-photographe-Alpes-Maritimes.jpg\" data-elementor-open-lightbox=\"yes\" data-elementor-lightbox-slideshow=\"662b4dc0\" data-elementor-lightbox-title=\"Nouveau ne\u0301 photographe Alpes Maritimes\" data-e-action-hash=\"#elementor-action%3Aaction%3Dlightbox%26settings%3DeyJpZCI6NTUwLCJ1cmwiOiJodHRwczpcL1wvd3d3Lmplbm55c3Bob3RvZ3JhcGhpZXMuY29tXC93cC1jb250ZW50XC91cGxvYWRzXC8yMDIyXC8wNFwvTm91dmVhdS1uZVx1MDMwMS1waG90b2dyYXBoZS1BbHBlcy1NYXJpdGltZXMuanBnIiwic2xpZGVzaG93IjoiNjYyYjRkYzAifQ%3D%3D\">\n\t\t\t\t\t<div class=\"e-gallery-image elementor-gallery-item__image\" data-thumbnail=\"https:\/\/www.jennysphotographies.com\/file\/2022\/04\/Nouveau-ne\u0301-photographe-Alpes-Maritimes.jpg\" data-width=\"1500\" data-height=\"1000\" aria-label=\"Nouveau ne\u0301 photographe Alpes Maritimes\" role=\"img\" ><\/div>\n\t\t\t\t\t\t\t\t\t\t\t<div class=\"elementor-gallery-item__overlay\"><\/div>\n\t\t\t\t\t\t\t\t\t\t\t\t\t\t<\/a>\n\t\t\t\t\t\t\t<a class=\"e-gallery-item elementor-gallery-item elementor-animated-content\" href=\"https:\/\/www.jennysphotographies.com\/file\/2022\/04\/Nouveau-ne\u0301-photographe-Fre\u0301jus.jpg\" data-elementor-open-lightbox=\"yes\" data-elementor-lightbox-slideshow=\"662b4dc0\" data-elementor-lightbox-title=\"Nouveau ne\u0301 photographe Fre\u0301jus\" data-e-action-hash=\"#elementor-action%3Aaction%3Dlightbox%26settings%3DeyJpZCI6NTUyLCJ1cmwiOiJodHRwczpcL1wvd3d3Lmplbm55c3Bob3RvZ3JhcGhpZXMuY29tXC93cC1jb250ZW50XC91cGxvYWRzXC8yMDIyXC8wNFwvTm91dmVhdS1uZVx1MDMwMS1waG90b2dyYXBoZS1GcmVcdTAzMDFqdXMuanBnIiwic2xpZGVzaG93IjoiNjYyYjRkYzAifQ%3D%3D\">\n\t\t\t\t\t<div class=\"e-gallery-image elementor-gallery-item__image\" data-thumbnail=\"https:\/\/www.jennysphotographies.com\/file\/2022\/04\/Nouveau-ne\u0301-photographe-Fre\u0301jus.jpg\" data-width=\"1000\" data-height=\"1500\" aria-label=\"Nouveau ne\u0301 photographe Fre\u0301jus\" role=\"img\" ><\/div>\n\t\t\t\t\t\t\t\t\t\t\t<div class=\"elementor-gallery-item__overlay\"><\/div>\n\t\t\t\t\t\t\t\t\t\t\t\t\t\t<\/a>\n\t\t\t\t\t\t\t<a class=\"e-gallery-item elementor-gallery-item elementor-animated-content\" href=\"https:\/\/www.jennysphotographies.com\/file\/2023\/01\/Photographe-enfant-nouveau-ne-a-Theoule-06.jpg\" data-elementor-open-lightbox=\"yes\" data-elementor-lightbox-slideshow=\"662b4dc0\" data-elementor-lightbox-title=\"Photographe enfant nouveau ne\u0301 a\u0300 The\u0301oule 06\" data-e-action-hash=\"#elementor-action%3Aaction%3Dlightbox%26settings%3DeyJpZCI6NjA4LCJ1cmwiOiJodHRwczpcL1wvd3d3Lmplbm55c3Bob3RvZ3JhcGhpZXMuY29tXC93cC1jb250ZW50XC91cGxvYWRzXC8yMDIzXC8wMVwvUGhvdG9ncmFwaGUtZW5mYW50LW5vdXZlYXUtbmUtYS1UaGVvdWxlLTA2LmpwZyIsInNsaWRlc2hvdyI6IjY2MmI0ZGMwIn0%3D\">\n\t\t\t\t\t<div class=\"e-gallery-image elementor-gallery-item__image\" data-thumbnail=\"https:\/\/www.jennysphotographies.com\/file\/2023\/01\/Photographe-enfant-nouveau-ne-a-Theoule-06.jpg\" data-width=\"1500\" data-height=\"1000\" aria-label=\"\" role=\"img\" ><\/div>\n\t\t\t\t\t\t\t\t\t\t\t<div class=\"elementor-gallery-item__overlay\"><\/div>\n\t\t\t\t\t\t\t\t\t\t\t\t\t\t<\/a>\n\t\t\t\t\t\t\t<a class=\"e-gallery-item elementor-gallery-item elementor-animated-content\" href=\"https:\/\/www.jennysphotographies.com\/file\/2023\/01\/Photographe-nouveau-ne-Harry-Potter.jpg\" data-elementor-open-lightbox=\"yes\" data-elementor-lightbox-slideshow=\"662b4dc0\" data-elementor-lightbox-title=\"Photographe nouveau ne\u0301 Harry Potter\" data-e-action-hash=\"#elementor-action%3Aaction%3Dlightbox%26settings%3DeyJpZCI6NjA5LCJ1cmwiOiJodHRwczpcL1wvd3d3Lmplbm55c3Bob3RvZ3JhcGhpZXMuY29tXC93cC1jb250ZW50XC91cGxvYWRzXC8yMDIzXC8wMVwvUGhvdG9ncmFwaGUtbm91dmVhdS1uZS1IYXJyeS1Qb3R0ZXIuanBnIiwic2xpZGVzaG93IjoiNjYyYjRkYzAifQ%3D%3D\">\n\t\t\t\t\t<div class=\"e-gallery-image elementor-gallery-item__image\" data-thumbnail=\"https:\/\/www.jennysphotographies.com\/file\/2023\/01\/Photographe-nouveau-ne-Harry-Potter.jpg\" data-width=\"1500\" data-height=\"1000\" aria-label=\"\" role=\"img\" ><\/div>\n\t\t\t\t\t\t\t\t\t\t\t<div class=\"elementor-gallery-item__overlay\"><\/div>\n\t\t\t\t\t\t\t\t\t\t\t\t\t\t<\/a>\n\t\t\t\t\t\t\t<a class=\"e-gallery-item elementor-gallery-item elementor-animated-content\" href=\"https:\/\/www.jennysphotographies.com\/file\/2023\/01\/photographe-nouveau-ne-noir-et-blanc.jpg\" data-elementor-open-lightbox=\"yes\" data-elementor-lightbox-slideshow=\"662b4dc0\" data-elementor-lightbox-title=\"photographe nouveau ne\u0301 noir et blanc\" data-e-action-hash=\"#elementor-action%3Aaction%3Dlightbox%26settings%3DeyJpZCI6NjEwLCJ1cmwiOiJodHRwczpcL1wvd3d3Lmplbm55c3Bob3RvZ3JhcGhpZXMuY29tXC93cC1jb250ZW50XC91cGxvYWRzXC8yMDIzXC8wMVwvcGhvdG9ncmFwaGUtbm91dmVhdS1uZS1ub2lyLWV0LWJsYW5jLmpwZyIsInNsaWRlc2hvdyI6IjY2MmI0ZGMwIn0%3D\">\n\t\t\t\t\t<div class=\"e-gallery-image elementor-gallery-item__image\" data-thumbnail=\"https:\/\/www.jennysphotographies.com\/file\/2023\/01\/photographe-nouveau-ne-noir-et-blanc.jpg\" data-width=\"1500\" data-height=\"1000\" aria-label=\"\" role=\"img\" ><\/div>\n\t\t\t\t\t\t\t\t\t\t\t<div class=\"elementor-gallery-item__overlay\"><\/div>\n\t\t\t\t\t\t\t\t\t\t\t\t\t\t<\/a>\n\t\t\t\t\t\t\t<a class=\"e-gallery-item elementor-gallery-item elementor-animated-content\" href=\"https:\/\/www.jennysphotographies.com\/file\/2023\/01\/Photographe-nouveau-ne-Theoule-famille.jpg\" data-elementor-open-lightbox=\"yes\" data-elementor-lightbox-slideshow=\"662b4dc0\" data-elementor-lightbox-title=\"Photographe nouveau ne\u0301 The\u0301oule famille\" data-e-action-hash=\"#elementor-action%3Aaction%3Dlightbox%26settings%3DeyJpZCI6NjExLCJ1cmwiOiJodHRwczpcL1wvd3d3Lmplbm55c3Bob3RvZ3JhcGhpZXMuY29tXC93cC1jb250ZW50XC91cGxvYWRzXC8yMDIzXC8wMVwvUGhvdG9ncmFwaGUtbm91dmVhdS1uZS1UaGVvdWxlLWZhbWlsbGUuanBnIiwic2xpZGVzaG93IjoiNjYyYjRkYzAifQ%3D%3D\">\n\t\t\t\t\t<div class=\"e-gallery-image elementor-gallery-item__image\" data-thumbnail=\"https:\/\/www.jennysphotographies.com\/file\/2023\/01\/Photographe-nouveau-ne-Theoule-famille.jpg\" data-width=\"1500\" data-height=\"1000\" aria-label=\"\" role=\"img\" ><\/div>\n\t\t\t\t\t\t\t\t\t\t\t<div class=\"elementor-gallery-item__overlay\"><\/div>\n\t\t\t\t\t\t\t\t\t\t\t\t\t\t<\/a>\n\t\t\t\t\t<\/div>\n\t\t\t<\/div>\n\t\t\t\t<\/div>\n\t\t\t\t\t<\/div>\n\t\t<\/div>\n\t\t\t\t\t<\/div>\n\t\t<\/section>\n\t\t\t\t<\/div>\n\t\t","protected":false},"excerpt":{"rendered":"","protected":false},"author":2,"featured_media":123,"parent":0,"menu_order":0,"comment_status":"closed","ping_status":"closed","template":"","meta":{"footnotes":""},"_links":{"self":[{"href":"https:\/\/www.jennysphotographies.com\/rest\/wp\/v2\/pages\/184"}],"collection":[{"href":"https:\/\/www.jennysphotographies.com\/rest\/wp\/v2\/pages"}],"about":[{"href":"https:\/\/www.jennysphotographies.com\/rest\/wp\/v2\/types\/page"}],"author":[{"embeddable":true,"href":"https:\/\/www.jennysphotographies.com\/rest\/wp\/v2\/users\/2"}],"replies":[{"embeddable":true,"href":"https:\/\/www.jennysphotographies.com\/rest\/wp\/v2\/comments?post=184"}],"version-history":[{"count":27,"href":"https:\/\/www.jennysphotographies.com\/rest\/wp\/v2\/pages\/184\/revisions"}],"predecessor-version":[{"id":649,"href":"https:\/\/www.jennysphotographies.com\/rest\/wp\/v2\/pages\/184\/revisions\/649"}],"wp:featuredmedia":[{"embeddable":true,"href":"https:\/\/www.jennysphotographies.com\/rest\/wp\/v2\/media\/123"}],"wp:attachment":[{"href":"https:\/\/www.jennysphotographies.com\/rest\/wp\/v2\/media?parent=184"}],"curies":[{"name":"wp","href":"https:\/\/api.w.org\/{rel}","templated":true}]}}