{"id":45,"date":"2020-02-13T10:23:40","date_gmt":"2020-02-13T09:23:40","guid":{"rendered":"https:\/\/www.jennysphotographies.com\/?page_id=45"},"modified":"2025-04-05T17:09:31","modified_gmt":"2025-04-05T15:09:31","slug":"jennifer-serantoni-photographe-nice-antibes","status":"publish","type":"page","link":"https:\/\/www.jennysphotographies.com\/","title":{"rendered":"Jennifer Serantoni Photographe Nice"},"content":{"rendered":"\t\t<div data-elementor-type=\"wp-page\" data-elementor-id=\"45\" class=\"elementor elementor-45\" data-elementor-post-type=\"page\">\n\t\t\t\t\t\t<section class=\"elementor-section elementor-top-section elementor-element elementor-element-d6ef8be elementor-section-boxed elementor-section-height-default elementor-section-height-default\" data-id=\"d6ef8be\" data-element_type=\"section\">\n\t\t\t\t\t\t<div class=\"elementor-container elementor-column-gap-default\">\n\t\t\t\t\t<div class=\"elementor-column elementor-col-100 elementor-top-column elementor-element elementor-element-b2d9920\" data-id=\"b2d9920\" data-element_type=\"column\">\n\t\t\t<div class=\"elementor-widget-wrap elementor-element-populated\">\n\t\t\t\t\t\t<div class=\"elementor-element elementor-element-92354be elementor-widget__width-initial elementor-widget elementor-widget-image\" data-id=\"92354be\" data-element_type=\"widget\" data-widget_type=\"image.default\">\n\t\t\t\t<div class=\"elementor-widget-container\">\n\t\t\t\t\t\t\t\t\t\t\t\t\t<img fetchpriority=\"high\" decoding=\"async\" width=\"768\" height=\"960\" src=\"https:\/\/www.jennysphotographies.com\/file\/2025\/04\/Copie-de-PDF-2025-template-presentation-768x960.jpg\" class=\"attachment-medium_large size-medium_large wp-image-692\" alt=\"portraitiste de France 2025\" srcset=\"https:\/\/www.jennysphotographies.com\/file\/2025\/04\/Copie-de-PDF-2025-template-presentation-768x960.jpg 768w, https:\/\/www.jennysphotographies.com\/file\/2025\/04\/Copie-de-PDF-2025-template-presentation-240x300.jpg 240w, https:\/\/www.jennysphotographies.com\/file\/2025\/04\/Copie-de-PDF-2025-template-presentation-819x1024.jpg 819w, https:\/\/www.jennysphotographies.com\/file\/2025\/04\/Copie-de-PDF-2025-template-presentation.jpg 1080w\" sizes=\"(max-width: 768px) 100vw, 768px\" \/>\t\t\t\t\t\t\t\t\t\t\t\t\t<\/div>\n\t\t\t\t<\/div>\n\t\t\t\t<div class=\"elementor-element elementor-element-2966681 elementor-widget elementor-widget-text-editor\" data-id=\"2966681\" data-element_type=\"widget\" data-widget_type=\"text-editor.default\">\n\t\t\t\t<div class=\"elementor-widget-container\">\n\t\t\t\t\t\t\t<p>\u00a0<\/p><p>JennyS Photographies vous accueille pour des s\u00e9ances photo grossesse, nouveau-n\u00e9, enfant et famille\u00a0<\/p><p>dans son studio de Th\u00e9oule-sur-Mer pr\u00e8s de Nice (06)<\/p>\t\t\t\t\t\t<\/div>\n\t\t\t\t<\/div>\n\t\t\t\t\t<\/div>\n\t\t<\/div>\n\t\t\t\t\t<\/div>\n\t\t<\/section>\n\t\t\t\t<section class=\"elementor-section elementor-top-section elementor-element elementor-element-483c8f5 elementor-section-boxed elementor-section-height-default elementor-section-height-default\" data-id=\"483c8f5\" data-element_type=\"section\">\n\t\t\t\t\t\t<div class=\"elementor-container elementor-column-gap-default\">\n\t\t\t\t\t<div class=\"elementor-column elementor-col-33 elementor-top-column elementor-element elementor-element-2486894\" data-id=\"2486894\" data-element_type=\"column\">\n\t\t\t<div class=\"elementor-widget-wrap elementor-element-populated\">\n\t\t\t\t\t\t<div class=\"elementor-element elementor-element-34d88a5 elementor-cta--skin-cover elementor-animated-content elementor-bg-transform elementor-bg-transform-zoom-in elementor-widget elementor-widget-call-to-action\" data-id=\"34d88a5\" data-element_type=\"widget\" data-widget_type=\"call-to-action.default\">\n\t\t\t\t<div class=\"elementor-widget-container\">\n\t\t\t\t\t<div class=\"elementor-cta\">\n\t\t\t\t\t<div class=\"elementor-cta__bg-wrapper\">\n\t\t\t\t<div class=\"elementor-cta__bg elementor-bg\" style=\"background-image: url(https:\/\/www.jennysphotographies.com\/file\/2020\/02\/Photographe-maternite\u0301-et-grossesse-a\u0300-Nice-06.jpg);\" role=\"img\" aria-label=\"Tarifs s\u00e9ance grossesse par votre photographe Jennifer S\u00e9rantoni\"><\/div>\n\t\t\t\t<div class=\"elementor-cta__bg-overlay\"><\/div>\n\t\t\t<\/div>\n\t\t\t\t\t\t\t<div class=\"elementor-cta__content\">\n\t\t\t\t\n\t\t\t\t\t\t\t\t\t<h2 class=\"elementor-cta__title elementor-cta__content-item elementor-content-item elementor-animated-item--grow\">\n\t\t\t\t\t\tGrossesse\t\t\t\t\t<\/h2>\n\t\t\t\t\n\t\t\t\t\n\t\t\t\t\t\t\t\t\t<div class=\"elementor-cta__button-wrapper elementor-cta__content-item elementor-content-item elementor-animated-item--grow\">\n\t\t\t\t\t<a class=\"elementor-cta__button elementor-button elementor-size-\" href=\"http:\/\/www.jennysphotographies.com\/photographe-grossesse-06\/\">\n\t\t\t\t\t\tvoir la galerie\t\t\t\t\t<\/a>\n\t\t\t\t\t<\/div>\n\t\t\t\t\t\t\t<\/div>\n\t\t\t\t\t\t<\/div>\n\t\t\t\t<\/div>\n\t\t\t\t<\/div>\n\t\t\t\t\t<\/div>\n\t\t<\/div>\n\t\t\t\t<div class=\"elementor-column elementor-col-33 elementor-top-column elementor-element elementor-element-ccf0234\" data-id=\"ccf0234\" data-element_type=\"column\">\n\t\t\t<div class=\"elementor-widget-wrap elementor-element-populated\">\n\t\t\t\t\t\t<div class=\"elementor-element elementor-element-5bb29df elementor-cta--skin-cover elementor-animated-content elementor-bg-transform elementor-bg-transform-zoom-in elementor-widget elementor-widget-call-to-action\" data-id=\"5bb29df\" data-element_type=\"widget\" data-widget_type=\"call-to-action.default\">\n\t\t\t\t<div class=\"elementor-widget-container\">\n\t\t\t\t\t<div class=\"elementor-cta\">\n\t\t\t\t\t<div class=\"elementor-cta__bg-wrapper\">\n\t\t\t\t<div class=\"elementor-cta__bg elementor-bg\" style=\"background-image: url(https:\/\/www.jennysphotographies.com\/file\/2020\/02\/Photographe-be\u0301be\u0301-a\u0300-The\u0301oule-sur-Mer-06.jpg);\" role=\"img\" aria-label=\"Photographe nouveau n\u00e9 Nice Cannes I JennyS Photographies\"><\/div>\n\t\t\t\t<div class=\"elementor-cta__bg-overlay\"><\/div>\n\t\t\t<\/div>\n\t\t\t\t\t\t\t<div class=\"elementor-cta__content\">\n\t\t\t\t\n\t\t\t\t\t\t\t\t\t<h2 class=\"elementor-cta__title elementor-cta__content-item elementor-content-item elementor-animated-item--grow\">\n\t\t\t\t\t\tNouveau-n\u00e9\t\t\t\t\t<\/h2>\n\t\t\t\t\n\t\t\t\t\n\t\t\t\t\t\t\t\t\t<div class=\"elementor-cta__button-wrapper elementor-cta__content-item elementor-content-item elementor-animated-item--grow\">\n\t\t\t\t\t<a class=\"elementor-cta__button elementor-button elementor-size-\" href=\"http:\/\/www.jennysphotographies.com\/photographe-nouveau-ne-nice-cannes-i-jennys-photographies\/\">\n\t\t\t\t\t\tvoir la galerie\t\t\t\t\t<\/a>\n\t\t\t\t\t<\/div>\n\t\t\t\t\t\t\t<\/div>\n\t\t\t\t\t\t<\/div>\n\t\t\t\t<\/div>\n\t\t\t\t<\/div>\n\t\t\t\t\t<\/div>\n\t\t<\/div>\n\t\t\t\t<div class=\"elementor-column elementor-col-33 elementor-top-column elementor-element elementor-element-d132987\" data-id=\"d132987\" data-element_type=\"column\">\n\t\t\t<div class=\"elementor-widget-wrap elementor-element-populated\">\n\t\t\t\t\t\t<div class=\"elementor-element elementor-element-c62c5a7 elementor-cta--skin-cover elementor-animated-content elementor-bg-transform elementor-bg-transform-zoom-in elementor-widget elementor-widget-call-to-action\" data-id=\"c62c5a7\" data-element_type=\"widget\" data-widget_type=\"call-to-action.default\">\n\t\t\t\t<div class=\"elementor-widget-container\">\n\t\t\t\t\t<div class=\"elementor-cta\">\n\t\t\t\t\t<div class=\"elementor-cta__bg-wrapper\">\n\t\t\t\t<div class=\"elementor-cta__bg elementor-bg\" style=\"background-image: url(https:\/\/www.jennysphotographies.com\/file\/2020\/02\/Photographe-Enfant-famille-a\u0300-Nice-06.jpg);\" role=\"img\" aria-label=\"Photographe Enfant famille a\u0300 Nice 06\"><\/div>\n\t\t\t\t<div class=\"elementor-cta__bg-overlay\"><\/div>\n\t\t\t<\/div>\n\t\t\t\t\t\t\t<div class=\"elementor-cta__content\">\n\t\t\t\t\n\t\t\t\t\t\t\t\t\t<h2 class=\"elementor-cta__title elementor-cta__content-item elementor-content-item elementor-animated-item--grow\">\n\t\t\t\t\t\tEnfant \/ Famille\t\t\t\t\t<\/h2>\n\t\t\t\t\n\t\t\t\t\n\t\t\t\t\t\t\t\t\t<div class=\"elementor-cta__button-wrapper elementor-cta__content-item elementor-content-item elementor-animated-item--grow\">\n\t\t\t\t\t<a class=\"elementor-cta__button elementor-button elementor-size-\" href=\"http:\/\/www.jennysphotographies.com\/photographe-enfants-famille-antibes-et-var\/\">\n\t\t\t\t\t\tvoir la galerie\t\t\t\t\t<\/a>\n\t\t\t\t\t<\/div>\n\t\t\t\t\t\t\t<\/div>\n\t\t\t\t\t\t<\/div>\n\t\t\t\t<\/div>\n\t\t\t\t<\/div>\n\t\t\t\t\t<\/div>\n\t\t<\/div>\n\t\t\t\t\t<\/div>\n\t\t<\/section>\n\t\t\t\t<section class=\"elementor-section elementor-top-section elementor-element elementor-element-89aa376 elementor-section-boxed elementor-section-height-default elementor-section-height-default\" data-id=\"89aa376\" data-element_type=\"section\">\n\t\t\t\t\t\t<div class=\"elementor-container elementor-column-gap-default\">\n\t\t\t\t\t<div class=\"elementor-column elementor-col-100 elementor-top-column elementor-element elementor-element-9cb5976\" data-id=\"9cb5976\" data-element_type=\"column\">\n\t\t\t<div class=\"elementor-widget-wrap\">\n\t\t\t\t\t\t\t<\/div>\n\t\t<\/div>\n\t\t\t\t\t<\/div>\n\t\t<\/section>\n\t\t\t\t<\/div>\n\t\t","protected":false},"excerpt":{"rendered":"<p>\u00a0 JennyS Photographies vous accueille pour des s\u00e9ances photo grossesse, nouveau-n\u00e9, enfant et famille\u00a0 dans son studio de Th\u00e9oule-sur-Mer pr\u00e8s de Nice (06) Grossesse voir la galerie Nouveau-n\u00e9 voir la galerie Enfant \/ Famille voir la galerie<\/p>\n","protected":false},"author":2,"featured_media":0,"parent":0,"menu_order":0,"comment_status":"closed","ping_status":"closed","template":"","meta":{"footnotes":""},"_links":{"self":[{"href":"https:\/\/www.jennysphotographies.com\/rest\/wp\/v2\/pages\/45"}],"collection":[{"href":"https:\/\/www.jennysphotographies.com\/rest\/wp\/v2\/pages"}],"about":[{"href":"https:\/\/www.jennysphotographies.com\/rest\/wp\/v2\/types\/page"}],"author":[{"embeddable":true,"href":"https:\/\/www.jennysphotographies.com\/rest\/wp\/v2\/users\/2"}],"replies":[{"embeddable":true,"href":"https:\/\/www.jennysphotographies.com\/rest\/wp\/v2\/comments?post=45"}],"version-history":[{"count":38,"href":"https:\/\/www.jennysphotographies.com\/rest\/wp\/v2\/pages\/45\/revisions"}],"predecessor-version":[{"id":701,"href":"https:\/\/www.jennysphotographies.com\/rest\/wp\/v2\/pages\/45\/revisions\/701"}],"wp:attachment":[{"href":"https:\/\/www.jennysphotographies.com\/rest\/wp\/v2\/media?parent=45"}],"curies":[{"name":"wp","href":"https:\/\/api.w.org\/{rel}","templated":true}]}}